{"id":3236,"date":"2022-02-08T22:50:02","date_gmt":"2022-02-08T22:50:02","guid":{"rendered":"https:\/\/generaat.com\/aviso-legal\/"},"modified":"2022-02-08T22:50:04","modified_gmt":"2022-02-08T22:50:04","slug":"aviso-legal","status":"publish","type":"page","link":"https:\/\/generaat.com\/ca\/aviso-legal\/","title":{"rendered":"Aviso Legal"},"content":{"rendered":"<section id=\"bt_bb_section69f40a4c7491b\" class=\"bt_bb_section bt_bb_layout_boxed_1200 bt_bb_vertical_align_top bt_bb_top_spacing_normal bt_bb_bottom_spacing_normal\"  data-bt-override-class=\"null\"><div class=\"bt_bb_port\"><div class=\"bt_bb_cell\"><div class=\"bt_bb_cell_inner\"><div class=\"bt_bb_row \"  data-bt-override-class=\"{}\"><div class=\"bt_bb_row_holder\" ><div  class=\"bt_bb_column col-xl-12 col-xs-12 col-sm-12 col-md-12 col-lg-12 bt_bb_align_left bt_bb_vertical_align_top bt_bb_padding_normal\"  data-width=\"12\" data-bt-override-class=\"{}\"><div class=\"bt_bb_column_content\"><div  class=\"bt_bb_text\" ><\/p>\n<p class=\"p2\"><span class=\"s1\"><b>INFORMACI\u00d3N GENERAL <\/b><\/span><\/p>\n<p class=\"p2\"><span class=\"s3\">Raz\u00f3n Social<\/span><span class=\"s1\">: GENERA ASESORES TRIBUTARIOS S.L. (en adelante GENERA)<\/span><\/p>\n<p class=\"p2\"><span class=\"s3\">Domicilio Social<\/span><span class=\"s1\">: Calle del Arroyo de la Media Legua, 5 3D 28030 Madrid<\/span><\/p>\n<p class=\"p2\"><span class=\"s3\">NIF<\/span><span class=\"s1\">: B-88285598<\/span><\/p>\n<p class=\"p2\"><span class=\"s3\">Datos registrales<\/span><span class=\"s1\">: Inscrito en el Registro Mercantil de Madrid. Tomo 38688. Folio 180, inscripci\u00f3n 1, hoja M-687931<\/span><\/p>\n<p class=\"p2\"><span class=\"s3\">Otros:<\/span><\/p>\n<p class=\"p2\"><span class=\"s1\">GENERA se dedica a los servicios de asesoramiento y consultor\u00eda de particulares y empresas <\/span><\/p>\n<p class=\"p2\"><span class=\"s1\">Los usuarios del presente portal podr\u00e1n establecer una comunicaci\u00f3n directa y efectiva con GENERA mediante comunicaci\u00f3n escrita remitida al domicilio indicado que compone esta Informaci\u00f3n General, as\u00ed como v\u00eda mail a <a href=\"mailto:galanproject@galanconsultores.com\"><span class=\"s2\">info@generaat.com<\/span><\/a><\/span><\/p>\n<p class=\"p2\"><span class=\"s1\"><b>CONDICIONES DE USO DEL WEB SITE DE LECTURA OBLIGATORIA <\/b><\/span><\/p>\n<p class=\"p2\"><span class=\"s1\"><b>General <\/b><\/span><\/p>\n<p class=\"p2\"><span class=\"s1\">Las presentes Condiciones Generales regulan el uso del Sitio Web de la mercantil GENERA, al que accede mediante la direcci\u00f3n principal <a href=\"https:\/\/www.galanconsultores.com\"><span class=\"s2\">www.generaat.com<\/span><\/a>, y de todas aquellas que permitan acceder directamente a algunas secciones o p\u00e1ginas Web pertenecientes al citado Sitio Web. <\/span><\/p>\n<p class=\"p2\"><span class=\"s1\">El presente Sitio Web es titularidad de GENERA. <\/span><\/p>\n<p class=\"p2\"><span class=\"s1\"><b>Aceptaci\u00f3n de las presentes condiciones. <\/b>Los usuarios deber\u00e1n leer las presentes condiciones generales de uso de este Sitio Web, que tienen naturaleza contractual. <\/span><\/p>\n<p class=\"p2\"><span class=\"s1\">El uso o acceso a este sitio implica el conocimiento y plena aceptaci\u00f3n de las presentes Condiciones Generales y de las que, en cualquier momento, pueda establecer. En consecuencia, ser\u00e1 responsabilidad de todo visitante o usuario la atenta lectura de las Condiciones Generales de Uso vigentes en cada una de las ocasiones en que acceda a esta Web. La utilizaci\u00f3n de determinados servicios a disposici\u00f3n de los usuarios de esta Web puede estar sometida a Condiciones Particulares, advertencias o instrucciones que tambi\u00e9n deber\u00e1n ser consultadas y aceptadas sin reservas por aquellos. <\/span><\/p>\n<p class=\"p2\"><span class=\"s1\"><b>Objeto <\/b>A trav\u00e9s de la presente Web se facilita a los usuarios el acceso y la utilizaci\u00f3n de diversos servicios y contenidos puestos a disposici\u00f3n por GENERA o por terceros.<\/span><\/p>\n<p class=\"p2\"><span class=\"s1\">Esta web tiene como objeto prestar servicios de informaci\u00f3n comercial, as\u00ed como actividad comercial, incluso si se diera el caso mediante contrataci\u00f3n por v\u00eda electr\u00f3nica, sobre productos o servicios incluidos en la presente Web de la mercantil GENERA y cualquier otra vinculada a la misma.<\/span><\/p>\n<p class=\"p2\"><span class=\"s1\"><b>Condiciones de acceso y uso del sitio Web. <\/b><\/span><\/p>\n<p class=\"p2\"><span class=\"s1\"><b>A.- Gratuidad del acceso. <\/b>La utilizaci\u00f3n del Sitio Web de la mercantil GENERA posee car\u00e1cter gratuito. En su caso, la existencia en este Sitio Web de servicios cuyo uso estuviera condicionado al pago de un precio, ser\u00e1 oportuna y debidamente advertido al usuario. <\/span><\/p>\n<p class=\"p2\"><span class=\"s1\"><b>B- Registro del usuario. <\/b>Con car\u00e1cter general, el acceso y utilizaci\u00f3n de este Sitio Web no exige la previa inscripci\u00f3n o registro de los usuarios. Sin embargo, determinados servicios podr\u00e1n estar supeditados al registro del usuario en las bases de datos de GENERA. En estos casos, el usuario se compromete a usar sus claves de acceso (nombre de usuario y contrase\u00f1a) de acuerdo con las siguientes restricciones: las claves de acceso son para uso exclusivo del titular de las mismas, siendo su custodia y correcta utilizaci\u00f3n de su exclusiva responsabilidad. GENERA no ser\u00e1 responsable por ning\u00fan perjuicio en que el usuario o terceros puedan incurrir como consecuencia de que otras personas utilicen su contrase\u00f1a, con o sin consentimiento o conocimiento del usuario.<\/span><\/p>\n<p class=\"p2\"><span class=\"s1\">GENERA se compromete a cumplir con la obligaci\u00f3n de secreto respecto de la contrase\u00f1a utilizada por el usuario. <\/span><\/p>\n<p class=\"p2\"><span class=\"s1\"><b>C.- Veracidad de las informaciones del usuario <\/b>El usuario garantiza la veracidad y autenticidad de las informaciones y datos que comunique en virtud de la cumplimentaci\u00f3n de las solicitudes y formularios de suscripci\u00f3n que, en su caso, se requieran para acceder a determinados servicios. En este sentido, ser\u00e1 de obligaci\u00f3n del usuario el mantener actualizada cualquier informaci\u00f3n de forma tal que correspondan a la realidad de cada momento. Cualquier manifestaci\u00f3n falsa o inexacta que se produzca como consecuencia de las informaciones y datos manifestados as\u00ed como los perjuicios que tal informaci\u00f3n pudiera causar ser\u00e1 responsabilidad del usuario.<\/span><\/p>\n<p class=\"p2\"><span class=\"s1\">La mercantil GENERA dar\u00e1 a dichos datos el tratamiento automatizado que corresponda en funci\u00f3n de su naturaleza o finalidad, en las condiciones y t\u00e9rminos indicados en la secci\u00f3n de pol\u00edtica de protecci\u00f3n de datos de car\u00e1cter personal. <\/span><\/p>\n<p class=\"p2\"><span class=\"s1\"><b>D.- Obligaci\u00f3n de uso correcto de servicios y contenidos <\/b>El usuario asume la obligaci\u00f3n de realizar un uso correcto de los servicios y contenidos que integran la presente web de conformidad con las condiciones generales vigentes, las leyes, la moral y las buenas costumbres generalmente aceptadas, as\u00ed como el orden p\u00fablico. <\/span><\/p>\n<p class=\"p2\"><span class=\"s1\">Salvo previa y expresa autorizaci\u00f3n de la mercantil GENERA, los usuarios \u00fanicamente podr\u00e1n utilizar sus contenidos y servicios para uso propio y personal y, por tanto, se abstendr\u00e1n de realizar cualquier acto que, directa o indirectamente, suponga una explotaci\u00f3n comercial de los mismos.<\/span><\/p>\n<p class=\"p2\"><span class=\"s1\">En todo caso, los usuarios utilizar\u00e1n los contenidos y servicios facilitados por la mercantil GENERA de conformidad con la legislaci\u00f3n vigente, y asumir\u00e1n las responsabilidades que les correspondan por las conductas o actividades que, en cualquier forma, puedan resultar il\u00edcitas o lesivas para derechos de terceros o que puedan perjudicar, impedir o limitar la utilizaci\u00f3n de esta web.<\/span><\/p>\n<p class=\"p2\"><span class=\"s1\"><b>E.- Restricciones de acceso <\/b>La mercantil GENERA se reserva el derecho unilateral de denegar el acceso a este Sitio Web a aquellos usuarios que incumplan las Condiciones Generales de Uso vigentes, y ello sin necesidad de previo aviso o justificaci\u00f3n. <\/span><\/p>\n<p class=\"p2\"><span class=\"s1\"><b>Propiedad Industrial e Intelectual <\/b><\/span><\/p>\n<p class=\"p3\"><span class=\"s1\"><b>1 Propiedad industrial. <\/b>Los signos distintivos (gr\u00e1ficos y denominativos) que aparecen en este Web Site, entre los que destaca la marca GENERA, son propiedad exclusiva de la mercantil GENERA ASESORES TRIBUTARIOS S.L. En su consecuencia, queda prohibida su utilizaci\u00f3n en el tr\u00e1fico econ\u00f3mico por parte de terceros que carezcan de la debida autorizaci\u00f3n. La eventual presencia en este sitio de signos distintivos de titularidad ajena a la rese\u00f1ada en el p\u00e1rrafo precedente se efect\u00faa con la autorizaci\u00f3n de sus leg\u00edtimos propietarios, siempre con el debido respeto a sus derechos de exclusividad.<\/span><\/p>\n<p class=\"p3\"><span class=\"s1\"><b>2 Nombres de dominio <\/b>En el mismo sentido que lo referido en el apartado anterior, el nombre de dominio <a href=\"https:\/\/www.galanconsultores.com\"><span class=\"s2\">www.generaat.com<\/span><\/a> y todos aquellos que sirvan para acceder de forma directa o indirecta al presente Website son de titularidad exclusiva de la mercantil GENERA ASESORES TRIBUTARIOS SL. La indebida utilizaci\u00f3n de los mismos en el tr\u00e1fico econ\u00f3mico, supondr\u00e1 una infracci\u00f3n de los derechos conferidos por su registro y ser\u00e1 perseguido por los medios previstos en la ley. <\/span><\/p>\n<p class=\"p3\"><span class=\"s1\"><b>3 Derechos de autor. <\/b>Los contenidos, textos, fotograf\u00edas, dise\u00f1os, logotipos, im\u00e1genes, sonidos, v\u00eddeos, animaciones, grabaciones, programas de ordenador, c\u00f3digos fuente, y en general cualquier creaci\u00f3n intelectual existente en este Website, as\u00ed como el propio Sitio en su conjunto como obra art\u00edstica multimedia, est\u00e1n protegidos como derechos de autor por la legislaci\u00f3n vigente en materia de propiedad intelectual. <\/span><\/p>\n<p class=\"p2\"><span class=\"s1\">De conformidad con lo expuesto, corresponden a la mercantil GENERA los derechos exclusivos de reproducci\u00f3n, distribuci\u00f3n, comunicaci\u00f3n p\u00fablica y transformaci\u00f3n, as\u00ed como cualquier otro derecho de naturaleza patrimonial, sobre los elementos se\u00f1alados en el p\u00e1rrafo precedente; y todo ello sin perjuicio de los derechos morales que sobre la autor\u00eda correspondan a sus autores. <\/span><\/p>\n<p class=\"p3\"><span class=\"s1\"><b>4 Uso personal <\/b>El usuario queda expresamente autorizado por la mercantil GENERA ASESORES TRIBUTARIOS S.L. a visualizar, imprimir, copiar o almacenar en su disco duro o en otro soporte f\u00edsico, las creaciones intelectuales protegidas y cualquier otro contenido o activo amparado o no por un derecho de exclusiva, siempre que ello se efect\u00fae para fines personales y privados del usuario, sin finalidad comercial o de distribuci\u00f3n, y sin modificar, alterar o descompilar los antedichos contenidos. Esta facultad de uso personal se entiende reconocida siempre y cuando se respeten intactas las advertencias a los derechos de autor y de propiedad industrial aqu\u00ed realizadas, y no supone la concesi\u00f3n de licencia alguna al usuario. <\/span><\/p>\n<p class=\"p3\"><span class=\"s1\"><b>5 Reserva de acciones <\/b>El uso de los contenidos o servicios de esta Web no implica ni supone la concesi\u00f3n de licencia o autorizaci\u00f3n de uso de ninguna clase sobre sus derechos de propiedad intelectual o industrial o sobre cualquier otro derecho. <\/span><\/p>\n<p class=\"p2\"><span class=\"s1\">El usuario de esta Web se compromete a respetar los derechos enunciados y a evitar cualquier actuaci\u00f3n que pudiera perjudicarlos, reserv\u00e1ndose en todo caso la mercantil GENERA el ejercicio de cuantos medios y acciones legales le correspondan en defensa de sus leg\u00edtimos derechos de propiedad intelectual e industrial. <\/span><\/p>\n<p class=\"p2\"><span class=\"s1\"><b>Enlaces a p\u00e1ginas web independientes de este Sitio Web. <\/b>En el Sitio Web GENERA ASESORES TRIBUTARIOS, el usuario podr\u00e1 encontrar diversos enlaces que le conducir\u00e1n a p\u00e1ginas web independientes de \u00e9sta. Su \u00fanica finalidad es la de facilitar el acceso a otras fuentes de informaci\u00f3n en Internet relacionadas con los servicios ofrecidos o de car\u00e1cter general o de informaci\u00f3n. Su inserci\u00f3n en esta Web est\u00e1 inspirada en el respeto de los derechos de propiedad intelectual e industrial que, en su caso, puedan corresponder a sus autores y titulares leg\u00edtimos. La mercantil GENERA no se hace responsable de los contenidos a los que se acceda en virtud de los mencionados enlaces, ni de las modificaciones que se lleven a cabo en los mismos, ni del uso que de aquellos se realice, ni su disponibilidad t\u00e9cnica.<\/span><\/p>\n<p>&nbsp;<\/p>\n<p>\n<\/div><\/div><\/div><\/div><\/div><\/div><!-- cell_inner --><\/div><!-- cell --><\/div><!-- port --><\/section>\n","protected":false},"excerpt":{"rendered":"","protected":false},"author":8,"featured_media":0,"parent":0,"menu_order":0,"comment_status":"closed","ping_status":"closed","template":"","meta":{"footnotes":""},"class_list":["post-3236","page","type-page","status-publish","hentry"],"yoast_head":"<!-- This site is optimized with the Yoast SEO plugin v27.5 - https:\/\/yoast.com\/product\/yoast-seo-wordpress\/ -->\n<title>Aviso Legal - Generaat<\/title>\n<meta name=\"robots\" content=\"index, follow, max-snippet:-1, max-image-preview:large, max-video-preview:-1\" \/>\n<link rel=\"canonical\" href=\"https:\/\/generaat.com\/ca\/aviso-legal\/\" \/>\n<meta property=\"og:locale\" content=\"ca_ES\" \/>\n<meta property=\"og:type\" content=\"article\" \/>\n<meta property=\"og:title\" content=\"Aviso Legal - Generaat\" \/>\n<meta property=\"og:url\" content=\"https:\/\/generaat.com\/ca\/aviso-legal\/\" \/>\n<meta property=\"og:site_name\" content=\"Generaat\" \/>\n<meta property=\"article:modified_time\" content=\"2022-02-08T22:50:04+00:00\" \/>\n<meta name=\"twitter:card\" content=\"summary_large_image\" \/>\n<meta name=\"twitter:site\" content=\"@generaat\" \/>\n<meta name=\"twitter:label1\" content=\"Temps estimat de lectura\" \/>\n\t<meta name=\"twitter:data1\" content=\"9 minuts\" \/>\n<script type=\"application\/ld+json\" class=\"yoast-schema-graph\">{\"@context\":\"https:\\\/\\\/schema.org\",\"@graph\":[{\"@type\":\"WebPage\",\"@id\":\"https:\\\/\\\/generaat.com\\\/ca\\\/aviso-legal\\\/\",\"url\":\"https:\\\/\\\/generaat.com\\\/ca\\\/aviso-legal\\\/\",\"name\":\"Aviso Legal - Generaat\",\"isPartOf\":{\"@id\":\"https:\\\/\\\/generaat.com\\\/#website\"},\"datePublished\":\"2022-02-08T22:50:02+00:00\",\"dateModified\":\"2022-02-08T22:50:04+00:00\",\"breadcrumb\":{\"@id\":\"https:\\\/\\\/generaat.com\\\/ca\\\/aviso-legal\\\/#breadcrumb\"},\"inLanguage\":\"ca\",\"potentialAction\":[{\"@type\":\"ReadAction\",\"target\":[\"https:\\\/\\\/generaat.com\\\/ca\\\/aviso-legal\\\/\"]}]},{\"@type\":\"BreadcrumbList\",\"@id\":\"https:\\\/\\\/generaat.com\\\/ca\\\/aviso-legal\\\/#breadcrumb\",\"itemListElement\":[{\"@type\":\"ListItem\",\"position\":1,\"name\":\"Portada\",\"item\":\"https:\\\/\\\/generaat.com\\\/ca\\\/\"},{\"@type\":\"ListItem\",\"position\":2,\"name\":\"Aviso Legal\"}]},{\"@type\":\"WebSite\",\"@id\":\"https:\\\/\\\/generaat.com\\\/#website\",\"url\":\"https:\\\/\\\/generaat.com\\\/\",\"name\":\"Generaat\",\"description\":\"\",\"potentialAction\":[{\"@type\":\"SearchAction\",\"target\":{\"@type\":\"EntryPoint\",\"urlTemplate\":\"https:\\\/\\\/generaat.com\\\/?s={search_term_string}\"},\"query-input\":{\"@type\":\"PropertyValueSpecification\",\"valueRequired\":true,\"valueName\":\"search_term_string\"}}],\"inLanguage\":\"ca\"}]}<\/script>\n<!-- \/ Yoast SEO plugin. -->","yoast_head_json":{"title":"Aviso Legal - Generaat","robots":{"index":"index","follow":"follow","max-snippet":"max-snippet:-1","max-image-preview":"max-image-preview:large","max-video-preview":"max-video-preview:-1"},"canonical":"https:\/\/generaat.com\/ca\/aviso-legal\/","og_locale":"ca_ES","og_type":"article","og_title":"Aviso Legal - Generaat","og_url":"https:\/\/generaat.com\/ca\/aviso-legal\/","og_site_name":"Generaat","article_modified_time":"2022-02-08T22:50:04+00:00","twitter_card":"summary_large_image","twitter_site":"@generaat","twitter_misc":{"Temps estimat de lectura":"9 minuts"},"schema":{"@context":"https:\/\/schema.org","@graph":[{"@type":"WebPage","@id":"https:\/\/generaat.com\/ca\/aviso-legal\/","url":"https:\/\/generaat.com\/ca\/aviso-legal\/","name":"Aviso Legal - Generaat","isPartOf":{"@id":"https:\/\/generaat.com\/#website"},"datePublished":"2022-02-08T22:50:02+00:00","dateModified":"2022-02-08T22:50:04+00:00","breadcrumb":{"@id":"https:\/\/generaat.com\/ca\/aviso-legal\/#breadcrumb"},"inLanguage":"ca","potentialAction":[{"@type":"ReadAction","target":["https:\/\/generaat.com\/ca\/aviso-legal\/"]}]},{"@type":"BreadcrumbList","@id":"https:\/\/generaat.com\/ca\/aviso-legal\/#breadcrumb","itemListElement":[{"@type":"ListItem","position":1,"name":"Portada","item":"https:\/\/generaat.com\/ca\/"},{"@type":"ListItem","position":2,"name":"Aviso Legal"}]},{"@type":"WebSite","@id":"https:\/\/generaat.com\/#website","url":"https:\/\/generaat.com\/","name":"Generaat","description":"","potentialAction":[{"@type":"SearchAction","target":{"@type":"EntryPoint","urlTemplate":"https:\/\/generaat.com\/?s={search_term_string}"},"query-input":{"@type":"PropertyValueSpecification","valueRequired":true,"valueName":"search_term_string"}}],"inLanguage":"ca"}]}},"jetpack_sharing_enabled":true,"_links":{"self":[{"href":"https:\/\/generaat.com\/ca\/wp-json\/wp\/v2\/pages\/3236","targetHints":{"allow":["GET"]}}],"collection":[{"href":"https:\/\/generaat.com\/ca\/wp-json\/wp\/v2\/pages"}],"about":[{"href":"https:\/\/generaat.com\/ca\/wp-json\/wp\/v2\/types\/page"}],"author":[{"embeddable":true,"href":"https:\/\/generaat.com\/ca\/wp-json\/wp\/v2\/users\/8"}],"replies":[{"embeddable":true,"href":"https:\/\/generaat.com\/ca\/wp-json\/wp\/v2\/comments?post=3236"}],"version-history":[{"count":5,"href":"https:\/\/generaat.com\/ca\/wp-json\/wp\/v2\/pages\/3236\/revisions"}],"predecessor-version":[{"id":3241,"href":"https:\/\/generaat.com\/ca\/wp-json\/wp\/v2\/pages\/3236\/revisions\/3241"}],"wp:attachment":[{"href":"https:\/\/generaat.com\/ca\/wp-json\/wp\/v2\/media?parent=3236"}],"curies":[{"name":"wp","href":"https:\/\/api.w.org\/{rel}","templated":true}]}}